{"id":33368818,"date":"2019-10-22T07:37:02","date_gmt":"2019-10-22T05:37:02","guid":{"rendered":"https:\/\/www.kurzimmo.ch\/immobilien\/"},"modified":"2019-11-08T09:03:04","modified_gmt":"2019-11-08T08:03:04","slug":"liegenschaften","status":"publish","type":"page","link":"https:\/\/www.kurzimmo.ch\/en\/liegenschaften\/","title":{"rendered":"Liegenschaften"},"content":{"rendered":"<p>{&#8220;main-title&#8221;:{&#8220;component&#8221;:&#8221;hc_title&#8221;,&#8221;id&#8221;:&#8221;main-title&#8221;,&#8221;title&#8221;:&#8221;Liegenschaften&#8221;,&#8221;subtitle&#8221;:&#8221;&#8221;,&#8221;title_content&#8221;:{&#8220;component&#8221;:&#8221;hc_title_empty&#8221;,&#8221;id&#8221;:&#8221;title-empty&#8221;}},&#8221;section_5ZtkF&#8221;:{&#8220;component&#8221;:&#8221;hc_section&#8221;,&#8221;id&#8221;:&#8221;section_5ZtkF&#8221;,&#8221;section_width&#8221;:&#8221;full-width&#8221;,&#8221;animation&#8221;:&#8221;&#8221;,&#8221;animation_time&#8221;:&#8221;&#8221;,&#8221;timeline_animation&#8221;:&#8221;&#8221;,&#8221;timeline_delay&#8221;:&#8221;&#8221;,&#8221;timeline_order&#8221;:&#8221;&#8221;,&#8221;vertical_row&#8221;:&#8221;&#8221;,&#8221;box_middle&#8221;:&#8221;&#8221;,&#8221;css_classes&#8221;:&#8221;white no-paddings no-padding-bottom no-paddings-y no-margins bg-transparent &#8220;,&#8221;custom_css_classes&#8221;:&#8221;&#8221;,&#8221;custom_css_styles&#8221;:&#8221;&#8221;,&#8221;section_content&#8221;:[{&#8220;component&#8221;:&#8221;hc_column&#8221;,&#8221;id&#8221;:&#8221;column_5RBb7&#8243;,&#8221;column_width&#8221;:&#8221;col-md-12&#8243;,&#8221;animation&#8221;:&#8221;&#8221;,&#8221;animation_time&#8221;:&#8221;&#8221;,&#8221;timeline_animation&#8221;:&#8221;&#8221;,&#8221;timeline_delay&#8221;:&#8221;&#8221;,&#8221;timeline_order&#8221;:&#8221;&#8221;,&#8221;css_classes&#8221;:&#8221;white no-paddings no-padding-bottom no-paddings-y no-margins bg-transparent clear &#8220;,&#8221;custom_css_classes&#8221;:&#8221;&#8221;,&#8221;custom_css_styles&#8221;:&#8221;&#8221;,&#8221;main_content&#8221;:[{&#8220;component&#8221;:&#8221;hc_text_block&#8221;,&#8221;id&#8221;:&#8221;XTIbx&#8221;,&#8221;css_classes&#8221;:&#8221;&#8221;,&#8221;custom_css_classes&#8221;:&#8221;&#8221;,&#8221;custom_css_styles&#8221;:&#8221;&#8221;,&#8221;content&#8221;:&#8221;&#8220;}]}],&#8221;section_settings&#8221;:&#8221;&#8221;},&#8221;section_T0AZH&#8221;:{&#8220;component&#8221;:&#8221;hc_section&#8221;,&#8221;id&#8221;:&#8221;section_T0AZH&#8221;,&#8221;section_width&#8221;:&#8221;&#8221;,&#8221;animation&#8221;:&#8221;&#8221;,&#8221;animation_time&#8221;:&#8221;&#8221;,&#8221;timeline_animation&#8221;:&#8221;&#8221;,&#8221;timeline_delay&#8221;:&#8221;&#8221;,&#8221;timeline_order&#8221;:&#8221;&#8221;,&#8221;vertical_row&#8221;:&#8221;&#8221;,&#8221;box_middle&#8221;:&#8221;&#8221;,&#8221;css_classes&#8221;:&#8221;&#8221;,&#8221;custom_css_classes&#8221;:&#8221;&#8221;,&#8221;custom_css_styles&#8221;:&#8221;&#8221;,&#8221;section_content&#8221;:[{&#8220;component&#8221;:&#8221;hc_column&#8221;,&#8221;id&#8221;:&#8221;column_oF7od&#8221;,&#8221;column_width&#8221;:&#8221;col-md-9&#8243;,&#8221;animation&#8221;:&#8221;&#8221;,&#8221;animation_time&#8221;:&#8221;&#8221;,&#8221;timeline_animation&#8221;:&#8221;&#8221;,&#8221;timeline_delay&#8221;:&#8221;&#8221;,&#8221;timeline_order&#8221;:&#8221;&#8221;,&#8221;css_classes&#8221;:&#8221;&#8221;,&#8221;custom_css_classes&#8221;:&#8221;&#8221;,&#8221;custom_css_styles&#8221;:&#8221;&#8221;,&#8221;main_content&#8221;:[{&#8220;component&#8221;:&#8221;hc_wp_editor&#8221;,&#8221;id&#8221;:&#8221;BLoiK&#8221;,&#8221;css_classes&#8221;:&#8221;&#8221;,&#8221;custom_css_classes&#8221;:&#8221;&#8221;,&#8221;custom_css_styles&#8221;:&#8221;&#8221;,&#8221;editor_content&#8221;:&#8221;<\/p>\n<h1>Attraktive Wohnungen in Basel-Stadt<\/h1>\n<p>\\n<strong>KurzImmo<\/strong> bietet attraktive Wohnungen 1 \u00bd &#8211; 6 Zimmer sowie Restaurationsbetriebe, Einfamilienh\u00e4user, Gewerbelokale und Band- und Musikr\u00e4ume in Basel-Stadt an.\\n\\nAlle Wohnungen liegen in <strong>attraktiven, ruhigen und bevorzugten<\/strong> Wohnquartieren mit vielen Gr\u00fcnfl\u00e4chen oder im urbanen Zentrum. Wir legen Wert darauf, dass auch B\u00e4der und K\u00fcchen \u00fcber Tageslicht verf\u00fcgen. und haben keine Objekte aus den bautechnisch und architektonisch bedenklichen 60er Jahren\\n<\/p>\n<h2>Zu vermieten: h\u00fcbsches Hinterhaus in der Rixheimerstrasse 9<\/h2>\n<p>\\nWir vermieten per vereinbartem Termin ein h\u00fcbsches Hinterhaus in der Rixheimerstrasse 9, 4055 Basel. Das Haus ist ideal f\u00fcr Musiker und WG&#8217;s geeignet. Es besteht aus 4 Zimmern, K\u00fcche, Bad, Dachboden und einem Balkon mit Sitzplatz.\\n\\nF\u00fcr eine Besichtigung kontaktieren Sie uns ungeniert.\\n\\nPreis: CHF 1&#8217;700.- + Nebenkosten CHF 300.-&#8220;}]},{&#8220;component&#8221;:&#8221;hc_column&#8221;,&#8221;id&#8221;:&#8221;column_kMS4H&#8221;,&#8221;column_width&#8221;:&#8221;col-md-3&#8243;,&#8221;animation&#8221;:&#8221;&#8221;,&#8221;animation_time&#8221;:&#8221;&#8221;,&#8221;timeline_animation&#8221;:&#8221;&#8221;,&#8221;timeline_delay&#8221;:&#8221;&#8221;,&#8221;timeline_order&#8221;:&#8221;&#8221;,&#8221;css_classes&#8221;:&#8221;&#8221;,&#8221;custom_css_classes&#8221;:&#8221;&#8221;,&#8221;custom_css_styles&#8221;:&#8221;&#8221;,&#8221;main_content&#8221;:[{&#8220;component&#8221;:&#8221;hc_image&#8221;,&#8221;id&#8221;:&#8221;pjyFv&#8221;,&#8221;css_classes&#8221;:&#8221;&#8221;,&#8221;custom_css_classes&#8221;:&#8221;&#8221;,&#8221;custom_css_styles&#8221;:&#8221;&#8221;,&#8221;image&#8221;:&#8221;https:\/\/www.kurzimmo.ch\/wp-content\/uploads\/2019\/10\/Immobilien_01.jpg|316|320|33367546&#8243;,&#8221;alt&#8221;:&#8221;&#8221;,&#8221;thumb_size&#8221;:&#8221;large&#8221;}]},{&#8220;component&#8221;:&#8221;hc_column&#8221;,&#8221;id&#8221;:&#8221;column_lfvFZ&#8221;,&#8221;column_width&#8221;:&#8221;col-md-12&#8243;,&#8221;animation&#8221;:&#8221;&#8221;,&#8221;animation_time&#8221;:&#8221;&#8221;,&#8221;timeline_animation&#8221;:&#8221;&#8221;,&#8221;timeline_delay&#8221;:&#8221;&#8221;,&#8221;timeline_order&#8221;:&#8221;&#8221;,&#8221;css_classes&#8221;:&#8221;&#8221;,&#8221;custom_css_classes&#8221;:&#8221;&#8221;,&#8221;custom_css_styles&#8221;:&#8221;&#8221;,&#8221;main_content&#8221;:[{&#8220;component&#8221;:&#8221;hc_space&#8221;,&#8221;id&#8221;:&#8221;MbUWQ&#8221;,&#8221;css_classes&#8221;:&#8221;&#8221;,&#8221;custom_css_classes&#8221;:&#8221;&#8221;,&#8221;custom_css_styles&#8221;:&#8221;&#8221;,&#8221;size&#8221;:&#8221;&#8221;,&#8221;height&#8221;:&#8221;&#8221;},{&#8220;component&#8221;:&#8221;hc_text_block&#8221;,&#8221;id&#8221;:&#8221;OUx5T&#8221;,&#8221;css_classes&#8221;:&#8221;&#8221;,&#8221;custom_css_classes&#8221;:&#8221;&#8221;,&#8221;custom_css_styles&#8221;:&#8221;&#8221;,&#8221;content&#8221;:&#8221;<div class=\"my_objektlist\">\r\n\r\n<div class=\"projectwrap\">\r\n  <div class=\"projectimage\">\r\n    <div class=\"img-box\" style=\"float:left;margin-right:15px\">\r\n      <img decoding=\"async\" src=\"https:\/\/www.kurzimmo.ch\/wp-content\/uploads\/2018\/10\/PA230608-150x150.jpg\" alt=\"\" style=\"max-width: 185px; width: 185px; margin-left: 0px;\">\r\n      <\/div>\r\n    <\/div>\r\n  <div class=\"proejctdesc\">\r\n    <h3>\r\n      <a href=\"https:\/\/www.kurzimmo.ch\/en\/projects\/4054-basel-furkastrasse-9\/\">4054 Basel, Furkastrasse 9<\/a>\r\n    <\/h3>\r\n    <span>3-zimmer Attikawohnung<\/span><br \/>\r\n    <span><\/span><br \/>\r\n\t<\/div>\r\n<\/div>\r\n\r\n<div class=\"projectwrap\">\r\n  <div class=\"projectimage\">\r\n    <div class=\"img-box\" style=\"float:left;margin-right:15px\">\r\n      <img decoding=\"async\" src=\"https:\/\/www.kurzimmo.ch\/wp-content\/uploads\/2019\/10\/PA230616.jpg\" alt=\"\" style=\"max-width: 185px; width: 185px; margin-left: 0px;\">\r\n      <\/div>\r\n    <\/div>\r\n  <div class=\"proejctdesc\">\r\n    <h3>\r\n      <a href=\"https:\/\/www.kurzimmo.ch\/en\/projects\/4055-basel-naefelserstrasse-24\/\">4055 Basel, N\u00e4felserstrasse 24<\/a>\r\n    <\/h3>\r\n    <span>2-Zimmer Wohnungen<\/span><br \/>\r\n    <span><\/span><br \/>\r\n\t<\/div>\r\n<\/div>\r\n\r\n<div class=\"projectwrap\">\r\n  <div class=\"projectimage\">\r\n    <div class=\"img-box\" style=\"float:left;margin-right:15px\">\r\n      <img decoding=\"async\" src=\"https:\/\/www.kurzimmo.ch\/wp-content\/uploads\/2019\/10\/PA230614.jpg\" alt=\"\" style=\"max-width: 185px; width: 185px; margin-left: 0px;\">\r\n      <\/div>\r\n    <\/div>\r\n  <div class=\"proejctdesc\">\r\n    <h3>\r\n      <a href=\"https:\/\/www.kurzimmo.ch\/en\/projects\/4055-basel-naefelserstrasse-26\/\">4055 Basel, N\u00e4felserstrasse 26<\/a>\r\n    <\/h3>\r\n    <span>2-Zimmer-Wohnungen<\/span><br \/>\r\n    <span><\/span><br \/>\r\n\t<\/div>\r\n<\/div>\r\n\r\n<div class=\"projectwrap\">\r\n  <div class=\"projectimage\">\r\n    <div class=\"img-box\" style=\"float:left;margin-right:15px\">\r\n      <img decoding=\"async\" src=\"https:\/\/www.kurzimmo.ch\/wp-content\/uploads\/2019\/10\/PA230613.jpg\" alt=\"\" style=\"max-width: 185px; width: 185px; margin-left: 0px;\">\r\n      <\/div>\r\n    <\/div>\r\n  <div class=\"proejctdesc\">\r\n    <h3>\r\n      <a href=\"https:\/\/www.kurzimmo.ch\/en\/projects\/4055-basel-naefelserstrasse-28\/\">4055 Basel, N\u00e4felserstrasse 28<\/a>\r\n    <\/h3>\r\n    <span>6-Zimmer- und 2-Zimmer-Wohnungen<\/span><br \/>\r\n    <span><\/span><br \/>\r\n\t<\/div>\r\n<\/div>\r\n\r\n<div class=\"projectwrap\">\r\n  <div class=\"projectimage\">\r\n    <div class=\"img-box\" style=\"float:left;margin-right:15px\">\r\n      <img decoding=\"async\" src=\"https:\/\/www.kurzimmo.ch\/wp-content\/uploads\/2019\/12\/4055_nafelserstrasse_29-2-150x150.jpg\" alt=\"\" style=\"max-width: 185px; width: 185px; margin-left: 0px;\">\r\n      <\/div>\r\n    <\/div>\r\n  <div class=\"proejctdesc\">\r\n    <h3>\r\n      <a href=\"https:\/\/www.kurzimmo.ch\/en\/projects\/4055-basel-nafelserstrasse-29\/\">4055 Basel, N\u00e4felserstrasse 29<\/a>\r\n    <\/h3>\r\n    <span>3 \u00bd-Zimmer Wohnung<\/span><br \/>\r\n    <span><\/span><br \/>\r\n\t<\/div>\r\n<\/div>\r\n\r\n<div class=\"projectwrap\">\r\n  <div class=\"projectimage\">\r\n    <div class=\"img-box\" style=\"float:left;margin-right:15px\">\r\n      <img decoding=\"async\" src=\"https:\/\/www.kurzimmo.ch\/wp-content\/uploads\/2018\/10\/4055_nafelserstrasse_31_main-150x150.jpg\" alt=\"\" style=\"max-width: 185px; width: 185px; margin-left: 0px;\">\r\n      <\/div>\r\n    <\/div>\r\n  <div class=\"proejctdesc\">\r\n    <h3>\r\n      <a href=\"https:\/\/www.kurzimmo.ch\/en\/projects\/4055-basel-nafelserstrasse-31\/\">4055 Basel, N\u00e4felserstrasse 31<\/a>\r\n    <\/h3>\r\n    <span>3 \u00bd-Zimmer Wohnung<\/span><br \/>\r\n    <span><\/span><br \/>\r\n\t<\/div>\r\n<\/div>\r\n\r\n<div class=\"projectwrap\">\r\n  <div class=\"projectimage\">\r\n    <div class=\"img-box\" style=\"float:left;margin-right:15px\">\r\n      <img decoding=\"async\" src=\"https:\/\/www.kurzimmo.ch\/wp-content\/uploads\/2019\/10\/DSC_0029.jpg\" alt=\"\" style=\"max-width: 185px; width: 185px; margin-left: 0px;\">\r\n      <\/div>\r\n    <\/div>\r\n  <div class=\"proejctdesc\">\r\n    <h3>\r\n      <a href=\"https:\/\/www.kurzimmo.ch\/en\/projects\/4055-basel-nafelserstrasse-33\/\">4055 Basel, N\u00e4felserstrasse 33<\/a>\r\n    <\/h3>\r\n    <span>3 \u00bd-Zimmer Wohnungen<\/span><br \/>\r\n    <span><\/span><br \/>\r\n\t<\/div>\r\n<\/div>\r\n\r\n<div class=\"projectwrap\">\r\n  <div class=\"projectimage\">\r\n    <div class=\"img-box\" style=\"float:left;margin-right:15px\">\r\n      <img decoding=\"async\" src=\"https:\/\/www.kurzimmo.ch\/wp-content\/uploads\/2018\/10\/4055_nafelserstrasse_37_main-150x150.jpg\" alt=\"\" style=\"max-width: 185px; width: 185px; margin-left: 0px;\">\r\n      <\/div>\r\n    <\/div>\r\n  <div class=\"proejctdesc\">\r\n    <h3>\r\n      <a href=\"https:\/\/www.kurzimmo.ch\/en\/projects\/4055-basel-nafelserstrasse-37\/\">4055 Basel, N\u00e4felserstrasse 37<\/a>\r\n    <\/h3>\r\n    <span>2-Zimmer Wohnung<\/span><br \/>\r\n    <span><\/span><br \/>\r\n\t<\/div>\r\n<\/div>\r\n\r\n<div class=\"projectwrap\">\r\n  <div class=\"projectimage\">\r\n    <div class=\"img-box\" style=\"float:left;margin-right:15px\">\r\n      <img decoding=\"async\" src=\"https:\/\/www.kurzimmo.ch\/wp-content\/uploads\/2019\/10\/R-9-Aussen-quer.jpg\" alt=\"\" style=\"max-width: 185px; width: 185px; margin-left: 0px;\">\r\n      <\/div>\r\n    <\/div>\r\n  <div class=\"proejctdesc\">\r\n    <h3>\r\n      <a href=\"https:\/\/www.kurzimmo.ch\/en\/projects\/4055-basel-rixheimerstrasse-9\/\">4055 Basel, Rixheimerstrasse 9<\/a>\r\n    <\/h3>\r\n    <span>1 \u00bd -, 2-, 3 \u00bd -Zimmer-Wohnungen<\/span><br \/>\r\n    <span><\/span><br \/>\r\n\t<\/div>\r\n<\/div>\r\n\r\n<div class=\"projectwrap\">\r\n  <div class=\"projectimage\">\r\n    <div class=\"img-box\" style=\"float:left;margin-right:15px\">\r\n      <img decoding=\"async\" src=\"https:\/\/www.kurzimmo.ch\/wp-content\/uploads\/2019\/10\/PA230637.jpg\" alt=\"\" style=\"max-width: 185px; width: 185px; margin-left: 0px;\">\r\n      <\/div>\r\n    <\/div>\r\n  <div class=\"proejctdesc\">\r\n    <h3>\r\n      <a href=\"https:\/\/www.kurzimmo.ch\/en\/projects\/4057-basel-bonergasse-75\/\">4057 Basel, Bonergasse 75<\/a>\r\n    <\/h3>\r\n    <span> Schule<\/span><br \/>\r\n    <span><\/span><br \/>\r\n\t<\/div>\r\n<\/div>\r\n\r\n<div id=\"loopage_pageobject\" class=\"pagination-wrap\"><span aria-current=\"page\" class=\"page-numbers current\">1<\/span>\n<a class=\"page-numbers\" href=\"https:\/\/www.kurzimmo.ch\/en\/wp-json\/wp\/v2\/pages\/33368818\/?pageobject=2\">2<\/a>\n<a class=\"next page-numbers\" href=\"https:\/\/www.kurzimmo.ch\/en\/wp-json\/wp\/v2\/pages\/33368818\/?pageobject=2\">&raquo;<\/a><\/div>\r\n<\/div>&#8220;},{&#8220;component&#8221;:&#8221;hc_text_block&#8221;,&#8221;id&#8221;:&#8221;eqlQl&#8221;,&#8221;css_classes&#8221;:&#8221;&#8221;,&#8221;custom_css_classes&#8221;:&#8221;&#8221;,&#8221;custom_css_styles&#8221;:&#8221;&#8221;,&#8221;content&#8221;:&#8221;<div id=\"liegenschaftenmap\" style=\"width: 100%; height: 400px;\"><\/div>\r\n<link rel=\"stylesheet\" type=\"text\/css\" href=\"\/wp-content\/themes\/lightwire-child\/css\/leaflet-geolocation.css\" \/>\r\n<script type=\"text\/javascript\" src=\"\/wp-content\/themes\/lightwire-child\/js\/leaflet.js\"><\/script>\r\n<script type=\"text\/javascript\" src=\"\/wp-content\/themes\/lightwire-child\/js\/geolocation.min.js\"><\/script>\r\n<script type=\"text\/javascript\">\r\njQuery(document).ready(function()\r\n{\r\n  const map = L.map('liegenschaftenmap').setView([47.557372,7.591713], 13);\r\nL.tileLayer('https:\/\/{s}.tile.openstreetmap.org\/{z}\/{x}\/{y}.png', {\r\n    attribution: '&copy; <a href=\"https:\/\/www.openstreetmap.org\/copyright\">OpenStreetMap<\/a> contributors'\r\n}).addTo(map);\r\n\r\nconst provider = new window.GeoSearch.OpenStreetMapProvider();\r\n\r\nprovider\r\n  .search({ query: '4054 Basel, Furkastrasse 9' })\r\n  .then(function(result) { \r\n    if (Array.isArray(result) && result.length > 0)\r\n    {\r\n      L.marker([result[0].y, result[0].x]).addTo(map).bindPopup('<a href=\"https:\/\/www.kurzimmo.ch\/en\/projects\/4054-basel-furkastrasse-9\/\">4054 Basel, Furkastrasse 9<\/a>');\r\n    }else console.log(\"4054 Basel, Furkastrasse 9 nen\u00e1jden\u00e9.\");\r\n  });\r\n\r\nprovider\r\n  .search({ query: '4055 Basel, N\u00e4felserstrasse 24' })\r\n  .then(function(result) { \r\n    if (Array.isArray(result) && result.length > 0)\r\n    {\r\n      L.marker([result[0].y, result[0].x]).addTo(map).bindPopup('<a href=\"https:\/\/www.kurzimmo.ch\/en\/projects\/4055-basel-naefelserstrasse-24\/\">4055 Basel, N\u00e4felserstrasse 24<\/a>');\r\n    }else console.log(\"4055 Basel, N\u00e4felserstrasse 24 nen\u00e1jden\u00e9.\");\r\n  });\r\n\r\nprovider\r\n  .search({ query: '4055 Basel, N\u00e4felserstrasse 26' })\r\n  .then(function(result) { \r\n    if (Array.isArray(result) && result.length > 0)\r\n    {\r\n      L.marker([result[0].y, result[0].x]).addTo(map).bindPopup('<a href=\"https:\/\/www.kurzimmo.ch\/en\/projects\/4055-basel-naefelserstrasse-26\/\">4055 Basel, N\u00e4felserstrasse 26<\/a>');\r\n    }else console.log(\"4055 Basel, N\u00e4felserstrasse 26 nen\u00e1jden\u00e9.\");\r\n  });\r\n\r\nprovider\r\n  .search({ query: '4055 Basel, N\u00e4felserstrasse 28' })\r\n  .then(function(result) { \r\n    if (Array.isArray(result) && result.length > 0)\r\n    {\r\n      L.marker([result[0].y, result[0].x]).addTo(map).bindPopup('<a href=\"https:\/\/www.kurzimmo.ch\/en\/projects\/4055-basel-naefelserstrasse-28\/\">4055 Basel, N\u00e4felserstrasse 28<\/a>');\r\n    }else console.log(\"4055 Basel, N\u00e4felserstrasse 28 nen\u00e1jden\u00e9.\");\r\n  });\r\n\r\nprovider\r\n  .search({ query: '4055 Basel, N\u00e4felserstrasse 29' })\r\n  .then(function(result) { \r\n    if (Array.isArray(result) && result.length > 0)\r\n    {\r\n      L.marker([result[0].y, result[0].x]).addTo(map).bindPopup('<a href=\"https:\/\/www.kurzimmo.ch\/en\/projects\/4055-basel-nafelserstrasse-29\/\">4055 Basel, N\u00e4felserstrasse 29<\/a>');\r\n    }else console.log(\"4055 Basel, N\u00e4felserstrasse 29 nen\u00e1jden\u00e9.\");\r\n  });\r\n\r\nprovider\r\n  .search({ query: '4055 Basel, N\u00e4felserstrasse 31' })\r\n  .then(function(result) { \r\n    if (Array.isArray(result) && result.length > 0)\r\n    {\r\n      L.marker([result[0].y, result[0].x]).addTo(map).bindPopup('<a href=\"https:\/\/www.kurzimmo.ch\/en\/projects\/4055-basel-nafelserstrasse-31\/\">4055 Basel, N\u00e4felserstrasse 31<\/a>');\r\n    }else console.log(\"4055 Basel, N\u00e4felserstrasse 31 nen\u00e1jden\u00e9.\");\r\n  });\r\n\r\nprovider\r\n  .search({ query: '4055 Basel, N\u00e4felserstrasse 33' })\r\n  .then(function(result) { \r\n    if (Array.isArray(result) && result.length > 0)\r\n    {\r\n      L.marker([result[0].y, result[0].x]).addTo(map).bindPopup('<a href=\"https:\/\/www.kurzimmo.ch\/en\/projects\/4055-basel-nafelserstrasse-33\/\">4055 Basel, N\u00e4felserstrasse 33<\/a>');\r\n    }else console.log(\"4055 Basel, N\u00e4felserstrasse 33 nen\u00e1jden\u00e9.\");\r\n  });\r\n\r\nprovider\r\n  .search({ query: '4055 Basel, N\u00e4felserstrasse 37' })\r\n  .then(function(result) { \r\n    if (Array.isArray(result) && result.length > 0)\r\n    {\r\n      L.marker([result[0].y, result[0].x]).addTo(map).bindPopup('<a href=\"https:\/\/www.kurzimmo.ch\/en\/projects\/4055-basel-nafelserstrasse-37\/\">4055 Basel, N\u00e4felserstrasse 37<\/a>');\r\n    }else console.log(\"4055 Basel, N\u00e4felserstrasse 37 nen\u00e1jden\u00e9.\");\r\n  });\r\n\r\nprovider\r\n  .search({ query: '4055 Basel, Rixheimerstrasse 9' })\r\n  .then(function(result) { \r\n    if (Array.isArray(result) && result.length > 0)\r\n    {\r\n      L.marker([result[0].y, result[0].x]).addTo(map).bindPopup('<a href=\"https:\/\/www.kurzimmo.ch\/en\/projects\/4055-basel-rixheimerstrasse-9\/\">4055 Basel, Rixheimerstrasse 9<\/a>');\r\n    }else console.log(\"4055 Basel, Rixheimerstrasse 9 nen\u00e1jden\u00e9.\");\r\n  });\r\n\r\nprovider\r\n  .search({ query: '4057 Basel, Bonergasse 75' })\r\n  .then(function(result) { \r\n    if (Array.isArray(result) && result.length > 0)\r\n    {\r\n      L.marker([result[0].y, result[0].x]).addTo(map).bindPopup('<a href=\"https:\/\/www.kurzimmo.ch\/en\/projects\/4057-basel-bonergasse-75\/\">4057 Basel, Bonergasse 75<\/a>');\r\n    }else console.log(\"4057 Basel, Bonergasse 75 nen\u00e1jden\u00e9.\");\r\n  });\r\n\r\nprovider\r\n  .search({ query: '4057 Basel, Klybeckstrasse 86' })\r\n  .then(function(result) { \r\n    if (Array.isArray(result) && result.length > 0)\r\n    {\r\n      L.marker([result[0].y, result[0].x]).addTo(map).bindPopup('<a href=\"https:\/\/www.kurzimmo.ch\/en\/projects\/4057-basel-klybeckstrasse-86\/\">4057 Basel, Klybeckstrasse 86<\/a>');\r\n    }else console.log(\"4057 Basel, Klybeckstrasse 86 nen\u00e1jden\u00e9.\");\r\n  });\r\n\r\nprovider\r\n  .search({ query: '4127 Birsfelden, Baumgartenweg 3' })\r\n  .then(function(result) { \r\n    if (Array.isArray(result) && result.length > 0)\r\n    {\r\n      L.marker([result[0].y, result[0].x]).addTo(map).bindPopup('<a href=\"https:\/\/www.kurzimmo.ch\/en\/projects\/4127-birsfelden-baumgartenweg-3\/\">4127 Birsfelden, Baumgartenweg 3<\/a>');\r\n    }else console.log(\"4127 Birsfelden, Baumgartenweg 3 nen\u00e1jden\u00e9.\");\r\n  });\r\n\r\n});\r\n<\/script>&#8220;}]}],&#8221;section_settings&#8221;:&#8221;&#8221;},&#8221;scripts&#8221;:{},&#8221;css&#8221;:{},&#8221;css_page&#8221;:&#8221;&#8221;,&#8221;template_setting&#8221;:{&#8220;settings&#8221;:{&#8220;id&#8221;:&#8221;settings&#8221;}},&#8221;template_setting_top&#8221;:{},&#8221;page_setting&#8221;:{&#8220;settings&#8221;:[&#8220;lock-mode-on&#8221;]}}<\/p>\n","protected":false},"excerpt":{"rendered":"<p>{&#8220;main-title&#8221;:{&#8220;component&#8221;:&#8221;hc_title&#8221;,&#8221;id&#8221;:&#8221;main-title&#8221;,&#8221;title&#8221;:&#8221;Liegenschaften&#8221;,&#8221;subtitle&#8221;:&#8221;&#8221;,&#8221;title_content&#8221;:{&#8220;component&#8221;:&#8221;hc_title_empty&#8221;,&#8221;id&#8221;:&#8221;title-empty&#8221;}},&#8221;section_5ZtkF&#8221;:{&#8220;component&#8221;:&#8221;hc_section&#8221;,&#8221;id&#8221;:&#8221;section_5ZtkF&#8221;,&#8221;section_width&#8221;:&#8221;full-width&#8221;,&#8221;animation&#8221;:&#8221;&#8221;,&#8221;animation_time&#8221;:&#8221;&#8221;,&#8221;timeline_animation&#8221;:&#8221;&#8221;,&#8221;timeline_delay&#8221;:&#8221;&#8221;,&#8221;timeline_order&#8221;:&#8221;&#8221;,&#8221;vertical_row&#8221;:&#8221;&#8221;,&#8221;box_middle&#8221;:&#8221;&#8221;,&#8221;css_classes&#8221;:&#8221;white no-paddings no-padding-bottom no-paddings-y no-margins bg-transparent &#8220;,&#8221;custom_css_classes&#8221;:&#8221;&#8221;,&#8221;custom_css_styles&#8221;:&#8221;&#8221;,&#8221;section_content&#8221;:[{&#8220;component&#8221;:&#8221;hc_column&#8221;,&#8221;id&#8221;:&#8221;column_5RBb7&#8243;,&#8221;column_width&#8221;:&#8221;col-md-12&#8243;,&#8221;animation&#8221;:&#8221;&#8221;,&#8221;animation_time&#8221;:&#8221;&#8221;,&#8221;timeline_animation&#8221;:&#8221;&#8221;,&#8221;timeline_delay&#8221;:&#8221;&#8221;,&#8221;timeline_order&#8221;:&#8221;&#8221;,&#8221;css_classes&#8221;:&#8221;white no-paddings no-padding-bottom no-paddings-y no-margins bg-transparent clear &#8220;,&#8221;custom_css_classes&#8221;:&#8221;&#8221;,&#8221;custom_css_styles&#8221;:&#8221;&#8221;,&#8221;main_content&#8221;:[{&#8220;component&#8221;:&#8221;hc_text_block&#8221;,&#8221;id&#8221;:&#8221;XTIbx&#8221;,&#8221;css_classes&#8221;:&#8221;&#8221;,&#8221;custom_css_classes&#8221;:&#8221;&#8221;,&#8221;custom_css_styles&#8221;:&#8221;&#8221;,&#8221;content&#8221;:&#8221;&#8221;}]}],&#8221;section_settings&#8221;:&#8221;&#8221;},&#8221;section_T0AZH&#8221;:{&#8220;component&#8221;:&#8221;hc_section&#8221;,&#8221;id&#8221;:&#8221;section_T0AZH&#8221;,&#8221;section_width&#8221;:&#8221;&#8221;,&#8221;animation&#8221;:&#8221;&#8221;,&#8221;animation_time&#8221;:&#8221;&#8221;,&#8221;timeline_animation&#8221;:&#8221;&#8221;,&#8221;timeline_delay&#8221;:&#8221;&#8221;,&#8221;timeline_order&#8221;:&#8221;&#8221;,&#8221;vertical_row&#8221;:&#8221;&#8221;,&#8221;box_middle&#8221;:&#8221;&#8221;,&#8221;css_classes&#8221;:&#8221;&#8221;,&#8221;custom_css_classes&#8221;:&#8221;&#8221;,&#8221;custom_css_styles&#8221;:&#8221;&#8221;,&#8221;section_content&#8221;:[{&#8220;component&#8221;:&#8221;hc_column&#8221;,&#8221;id&#8221;:&#8221;column_oF7od&#8221;,&#8221;column_width&#8221;:&#8221;col-md-9&#8243;,&#8221;animation&#8221;:&#8221;&#8221;,&#8221;animation_time&#8221;:&#8221;&#8221;,&#8221;timeline_animation&#8221;:&#8221;&#8221;,&#8221;timeline_delay&#8221;:&#8221;&#8221;,&#8221;timeline_order&#8221;:&#8221;&#8221;,&#8221;css_classes&#8221;:&#8221;&#8221;,&#8221;custom_css_classes&#8221;:&#8221;&#8221;,&#8221;custom_css_styles&#8221;:&#8221;&#8221;,&#8221;main_content&#8221;:[{&#8220;component&#8221;:&#8221;hc_wp_editor&#8221;,&#8221;id&#8221;:&#8221;BLoiK&#8221;,&#8221;css_classes&#8221;:&#8221;&#8221;,&#8221;custom_css_classes&#8221;:&#8221;&#8221;,&#8221;custom_css_styles&#8221;:&#8221;&#8221;,&#8221;editor_content&#8221;:&#8221; Attraktive Wohnungen in Basel-Stadt \\nKurzImmo bietet attraktive Wohnungen 1 \u00bd &#8211; 6 Zimmer sowie Restaurationsbetriebe, Einfamilienh\u00e4user, Gewerbelokale und Band- und Musikr\u00e4ume in Basel-Stadt an.\\n\\nAlle Wohnungen liegen in attraktiven, ruhigen und bevorzugten Wohnquartieren mit vielen Gr\u00fcnfl\u00e4chen oder im urbanen Zentrum. Wir legen [&hellip;]<\/p>\n","protected":false},"author":1,"featured_media":0,"parent":0,"menu_order":0,"comment_status":"closed","ping_status":"closed","template":"","meta":{"_acf_changed":false,"footnotes":""},"class_list":["post-33368818","page","type-page","status-publish","hentry"],"acf":[],"_links":{"self":[{"href":"https:\/\/www.kurzimmo.ch\/en\/wp-json\/wp\/v2\/pages\/33368818"}],"collection":[{"href":"https:\/\/www.kurzimmo.ch\/en\/wp-json\/wp\/v2\/pages"}],"about":[{"href":"https:\/\/www.kurzimmo.ch\/en\/wp-json\/wp\/v2\/types\/page"}],"author":[{"embeddable":true,"href":"https:\/\/www.kurzimmo.ch\/en\/wp-json\/wp\/v2\/users\/1"}],"replies":[{"embeddable":true,"href":"https:\/\/www.kurzimmo.ch\/en\/wp-json\/wp\/v2\/comments?post=33368818"}],"version-history":[{"count":0,"href":"https:\/\/www.kurzimmo.ch\/en\/wp-json\/wp\/v2\/pages\/33368818\/revisions"}],"wp:attachment":[{"href":"https:\/\/www.kurzimmo.ch\/en\/wp-json\/wp\/v2\/media?parent=33368818"}],"curies":[{"name":"wp","href":"https:\/\/api.w.org\/{rel}","templated":true}]}}