{"id":33369832,"date":"2019-10-17T13:53:12","date_gmt":"2019-10-17T11:53:12","guid":{"rendered":"https:\/\/www.kurzimmo.ch\/projects\/4055-basel-naefelserstrasse-24\/"},"modified":"2019-10-17T13:53:12","modified_gmt":"2019-10-17T11:53:12","slug":"4055-basel-naefelserstrasse-24","status":"publish","type":"projects","link":"https:\/\/www.kurzimmo.ch\/en\/projects\/4055-basel-naefelserstrasse-24\/","title":{"rendered":"4055 Basel, N\u00e4felserstrasse 24"},"content":{"rendered":"<p>{&#8220;main-title&#8221;:{&#8220;component&#8221;:&#8221;hc_title&#8221;,&#8221;id&#8221;:&#8221;main-title&#8221;,&#8221;title&#8221;:&#8221;4055 Basel, N\u00e4felserstrasse 24&#8243;,&#8221;subtitle&#8221;:&#8221;2-Zimmer Wohnungen&#8221;,&#8221;title_content&#8221;:{&#8220;component&#8221;:&#8221;hc_title_image&#8221;,&#8221;id&#8221;:&#8221;title-image&#8221;,&#8221;image&#8221;:&#8221;https:\/\/www.kurzimmo.ch\/wp-content\/uploads\/2019\/10\/NF-24-Aussen-hinten.jpg|280|420|33367606&#8243;,&#8221;full_screen&#8221;:false,&#8221;full_screen_height&#8221;:&#8221;&#8221;,&#8221;parallax&#8221;:true,&#8221;bleed&#8221;:&#8221;&#8221;,&#8221;ken_burn&#8221;:&#8221;ken-burn-center&#8221;,&#8221;overlay&#8221;:&#8221;transparent-dark&#8221;,&#8221;breadcrumbs&#8221;:false,&#8221;white&#8221;:true,&#8221;position&#8221;:&#8221;&#8221;}},&#8221;section_9vmIE&#8221;:{&#8220;component&#8221;:&#8221;hc_section&#8221;,&#8221;id&#8221;:&#8221;section_9vmIE&#8221;,&#8221;section_width&#8221;:&#8221;&#8221;,&#8221;animation&#8221;:&#8221;fade-in&#8221;,&#8221;animation_time&#8221;:&#8221;&#8221;,&#8221;timeline_animation&#8221;:&#8221;false&#8221;,&#8221;timeline_delay&#8221;:&#8221;&#8221;,&#8221;timeline_order&#8221;:&#8221;&#8221;,&#8221;vertical_row&#8221;:&#8221;&#8221;,&#8221;box_middle&#8221;:&#8221;&#8221;,&#8221;css_classes&#8221;:&#8221;no-padding-bottom &#8220;,&#8221;custom_css_classes&#8221;:&#8221;&#8221;,&#8221;custom_css_styles&#8221;:&#8221;&#8221;,&#8221;section_content&#8221;:[{&#8220;component&#8221;:&#8221;hc_column&#8221;,&#8221;id&#8221;:&#8221;column_ufh6Z&#8221;,&#8221;column_width&#8221;:&#8221;col-md-6&#8243;,&#8221;animation&#8221;:&#8221;&#8221;,&#8221;animation_time&#8221;:&#8221;&#8221;,&#8221;timeline_animation&#8221;:&#8221;&#8221;,&#8221;timeline_delay&#8221;:&#8221;&#8221;,&#8221;timeline_order&#8221;:&#8221;&#8221;,&#8221;css_classes&#8221;:&#8221;&#8221;,&#8221;custom_css_classes&#8221;:&#8221;&#8221;,&#8221;custom_css_styles&#8221;:&#8221;&#8221;,&#8221;main_content&#8221;:[{&#8220;component&#8221;:&#8221;hc_text_block&#8221;,&#8221;id&#8221;:&#8221;mwBuN&#8221;,&#8221;css_classes&#8221;:&#8221;&#8221;,&#8221;custom_css_classes&#8221;:&#8221;&#8221;,&#8221;custom_css_styles&#8221;:&#8221;&#8221;,&#8221;content&#8221;:&#8221;Die N\u00e4felserstrasse 24 in 4055 Basel ist das, was man ein freundliches Haus nennen w\u00fcrde. Alle Wohnungen dieser Liegenschaft sind hell und ger\u00e4umig. Auf dem Balkon kann man die Nachmittags- und Abendsonne geniessen. Der gr\u00fcne Garten mit vielen B\u00e4umen vermittelt Weite und Freiheit. Eine sch\u00f6ne und gem\u00fctliche Wohnk\u00fcche kann wie zus\u00e4tzliches Zimmer genutzt werden. Sie verleiht der h\u00fcbschen 2-Zimmer-Wohnung die Ger\u00e4umigkeit einer 3-Zimmer-Wohnung.&#8221;}]},{&#8220;component&#8221;:&#8221;hc_column&#8221;,&#8221;id&#8221;:&#8221;column_68hm6&#8243;,&#8221;column_width&#8221;:&#8221;col-md-6&#8243;,&#8221;animation&#8221;:&#8221;&#8221;,&#8221;animation_time&#8221;:&#8221;&#8221;,&#8221;timeline_animation&#8221;:&#8221;&#8221;,&#8221;timeline_delay&#8221;:&#8221;&#8221;,&#8221;timeline_order&#8221;:&#8221;&#8221;,&#8221;css_classes&#8221;:&#8221;no-padding-bottom &#8220;,&#8221;custom_css_classes&#8221;:&#8221;&#8221;,&#8221;custom_css_styles&#8221;:&#8221;&#8221;,&#8221;main_content&#8221;:[{&#8220;component&#8221;:&#8221;hc_icon_list&#8221;,&#8221;id&#8221;:&#8221;rhLMK&#8221;,&#8221;css_classes&#8221;:&#8221;&#8221;,&#8221;custom_css_classes&#8221;:&#8221;&#8221;,&#8221;custom_css_styles&#8221;:&#8221;&#8221;,&#8221;rows&#8221;:[{&#8220;component&#8221;:&#8221;repeater_item&#8221;,&#8221;id&#8221;:&#8221;c7aCu&#8221;,&#8221;icon&#8221;:&#8221;im-mailbox-empty&#8221;,&#8221;icon_style&#8221;:&#8221;&#8221;,&#8221;icon_image&#8221;:&#8221;&#8221;,&#8221;text&#8221;:&#8221;4055 Basel, N\u00e4felserstrasse 24&#8220;},{&#8220;component&#8221;:&#8221;repeater_item&#8221;,&#8221;id&#8221;:&#8221;bFpI6&#8243;,&#8221;icon&#8221;:&#8221;im-resize&#8221;,&#8221;icon_style&#8221;:&#8221;&#8221;,&#8221;icon_image&#8221;:&#8221;&#8221;,&#8221;text&#8221;:&#8221;2-Zimmer Wohnungen&#8220;},{&#8220;component&#8221;:&#8221;repeater_item&#8221;,&#8221;id&#8221;:&#8221;MrO7B&#8221;,&#8221;icon&#8221;:&#8221;im-telephone-2&#8243;,&#8221;icon_style&#8221;:&#8221;&#8221;,&#8221;icon_image&#8221;:&#8221;&#8221;,&#8221;text&#8221;:&#8221;&#8220;},{&#8220;component&#8221;:&#8221;repeater_item&#8221;,&#8221;id&#8221;:&#8221;TSUnd&#8221;,&#8221;icon&#8221;:&#8221;im-mail-withatsign&#8221;,&#8221;icon_style&#8221;:&#8221;&#8221;,&#8221;icon_image&#8221;:&#8221;&#8221;,&#8221;text&#8221;:&#8221;&#8220;},{&#8220;component&#8221;:&#8221;repeater_item&#8221;,&#8221;id&#8221;:&#8221;M7ERX&#8221;,&#8221;icon&#8221;:&#8221;im-pricing&#8221;,&#8221;icon_style&#8221;:&#8221;&#8221;,&#8221;icon_image&#8221;:&#8221;&#8221;,&#8221;text&#8221;:&#8221;&#8220;}],&#8221;direction&#8221;:&#8221;vertical-icon-list&#8221;,&#8221;alignment&#8221;:&#8221;text-left&#8221;,&#8221;icon_position&#8221;:&#8221;&#8221;,&#8221;text_size&#8221;:&#8221;text-m&#8221;,&#8221;icon_size&#8221;:&#8221;text-l&#8221;}]}],&#8221;section_settings&#8221;:&#8221;&#8221;},&#8221;section_QZ1E5&#8243;:{&#8220;component&#8221;:&#8221;hc_section&#8221;,&#8221;id&#8221;:&#8221;section_QZ1E5&#8243;,&#8221;section_width&#8221;:&#8221;&#8221;,&#8221;animation&#8221;:&#8221;fade-in&#8221;,&#8221;animation_time&#8221;:&#8221;&#8221;,&#8221;timeline_animation&#8221;:&#8221;false&#8221;,&#8221;timeline_delay&#8221;:&#8221;&#8221;,&#8221;timeline_order&#8221;:&#8221;&#8221;,&#8221;vertical_row&#8221;:&#8221;&#8221;,&#8221;box_middle&#8221;:&#8221;&#8221;,&#8221;css_classes&#8221;:&#8221;no-padding-bottom &#8220;,&#8221;custom_css_classes&#8221;:&#8221;&#8221;,&#8221;custom_css_styles&#8221;:&#8221;&#8221;,&#8221;section_content&#8221;:[{&#8220;component&#8221;:&#8221;hc_column&#8221;,&#8221;id&#8221;:&#8221;column_8tOTA&#8221;,&#8221;column_width&#8221;:&#8221;col-md-12&#8243;,&#8221;animation&#8221;:&#8221;fade-right&#8221;,&#8221;animation_time&#8221;:&#8221;&#8221;,&#8221;timeline_animation&#8221;:&#8221;false&#8221;,&#8221;timeline_delay&#8221;:&#8221;&#8221;,&#8221;timeline_order&#8221;:&#8221;&#8221;,&#8221;css_classes&#8221;:&#8221;no-padding-bottom &#8220;,&#8221;custom_css_classes&#8221;:&#8221;&#8221;,&#8221;custom_css_styles&#8221;:&#8221;&#8221;,&#8221;main_content&#8221;:[{&#8220;component&#8221;:&#8221;hc_image_slider&#8221;,&#8221;id&#8221;:&#8221;5PhXW&#8221;,&#8221;css_classes&#8221;:&#8221;&#8221;,&#8221;custom_css_classes&#8221;:&#8221;&#8221;,&#8221;custom_css_styles&#8221;:&#8221;&#8221;,&#8221;slides&#8221;:[{&#8220;component&#8221;:&#8221;hc_upload_img&#8221;,&#8221;id&#8221;:&#8221;BHTDZ&#8221;,&#8221;link&#8221;:&#8221;https:\/\/www.kurzimmo.ch\/wp-content\/uploads\/2019\/10\/NF-24-Aussen-hinten.jpg|280|420|33367606&#8243;},{&#8220;component&#8221;:&#8221;hc_upload_img&#8221;,&#8221;id&#8221;:&#8221;Eprha&#8221;,&#8221;link&#8221;:&#8221;https:\/\/www.kurzimmo.ch\/wp-content\/uploads\/2019\/10\/NF-24-Aussen-front.jpg|280|420|33367603&#8243;},{&#8220;component&#8221;:&#8221;hc_upload_img&#8221;,&#8221;id&#8221;:&#8221;WKTbR&#8221;,&#8221;link&#8221;:&#8221;https:\/\/www.kurzimmo.ch\/wp-content\/uploads\/2019\/10\/DSC_NF240291.jpg|280|419|33367600&#8243;},{&#8220;component&#8221;:&#8221;hc_upload_img&#8221;,&#8221;id&#8221;:&#8221;CaMZt&#8221;,&#8221;link&#8221;:&#8221;https:\/\/www.kurzimmo.ch\/wp-content\/uploads\/2019\/10\/DSC_0236.jpg|280|420|33367597&#8243;},{&#8220;component&#8221;:&#8221;hc_upload_img&#8221;,&#8221;id&#8221;:&#8221;dFtZa&#8221;,&#8221;link&#8221;:&#8221;https:\/\/www.kurzimmo.ch\/wp-content\/uploads\/2019\/10\/DSC_0221.jpg|280|420|33367594&#8243;},{&#8220;component&#8221;:&#8221;hc_upload_img&#8221;,&#8221;id&#8221;:&#8221;iyl40&#8243;,&#8221;link&#8221;:&#8221;https:\/\/www.kurzimmo.ch\/wp-content\/uploads\/2019\/10\/1184088499_DSC_0204.jpg|280|420|33367591&#8243;}],&#8221;outer_arrows&#8221;:false,&#8221;visible_arrows&#8221;:false,&#8221;nav_inner&#8221;:true,&#8221;lightbox&#8221;:true,&#8221;lightbox_animation&#8221;:&#8221;scale-up&#8221;,&#8221;image_animation&#8221;:&#8221;scale-up-2x&#8221;,&#8221;thumb_size&#8221;:&#8221;full&#8221;,&#8221;image_size&#8221;:&#8221;full&#8221;,&#8221;thumbnail&#8221;:false,&#8221;png-over&#8221;:false,&#8221;custom_classes&#8221;:&#8221;&#8221;,&#8221;trigger&#8221;:&#8221;&#8221;,&#8221;data_options&#8221;:&#8221;numItems:5&#8243;,&#8221;type&#8221;:&#8221;carousel&#8221;}]}],&#8221;section_settings&#8221;:&#8221;&#8221;},&#8221;section_TZiPY&#8221;:{&#8220;component&#8221;:&#8221;hc_section&#8221;,&#8221;id&#8221;:&#8221;section_TZiPY&#8221;,&#8221;section_width&#8221;:&#8221;&#8221;,&#8221;animation&#8221;:&#8221;&#8221;,&#8221;animation_time&#8221;:&#8221;&#8221;,&#8221;timeline_animation&#8221;:&#8221;&#8221;,&#8221;timeline_delay&#8221;:&#8221;&#8221;,&#8221;timeline_order&#8221;:&#8221;&#8221;,&#8221;vertical_row&#8221;:&#8221;&#8221;,&#8221;box_middle&#8221;:&#8221;&#8221;,&#8221;css_classes&#8221;:&#8221;no-padding-bottom &#8220;,&#8221;custom_css_classes&#8221;:&#8221;&#8221;,&#8221;custom_css_styles&#8221;:&#8221;&#8221;,&#8221;section_content&#8221;:[{&#8220;component&#8221;:&#8221;hc_column&#8221;,&#8221;id&#8221;:&#8221;column_jG6K7&#8243;,&#8221;column_width&#8221;:&#8221;col-md-12&#8243;,&#8221;animation&#8221;:&#8221;&#8221;,&#8221;animation_time&#8221;:&#8221;&#8221;,&#8221;timeline_animation&#8221;:&#8221;&#8221;,&#8221;timeline_delay&#8221;:&#8221;&#8221;,&#8221;timeline_order&#8221;:&#8221;&#8221;,&#8221;css_classes&#8221;:&#8221;&#8221;,&#8221;custom_css_classes&#8221;:&#8221;&#8221;,&#8221;custom_css_styles&#8221;:&#8221;&#8221;,&#8221;main_content&#8221;:[{&#8220;component&#8221;:&#8221;hc_text_block&#8221;,&#8221;id&#8221;:&#8221;PsMWM&#8221;,&#8221;css_classes&#8221;:&#8221;&#8221;,&#8221;custom_css_classes&#8221;:&#8221;&#8221;,&#8221;custom_css_styles&#8221;:&#8221;&#8221;,&#8221;content&#8221;:&#8221;<div id=\"liegenschaftenmap\" style=\"width: 100%; height: 400px;\"><\/div>\r\n<link rel=\"stylesheet\" type=\"text\/css\" href=\"\/wp-content\/themes\/lightwire-child\/css\/leaflet-geolocation.css\" \/>\r\n<script type=\"text\/javascript\" src=\"\/wp-content\/themes\/lightwire-child\/js\/leaflet.js\"><\/script>\r\n<script type=\"text\/javascript\" src=\"\/wp-content\/themes\/lightwire-child\/js\/geolocation.min.js\"><\/script>\r\n<script type=\"text\/javascript\">\r\njQuery(document).ready(function()\r\n{\r\nconst provider = new window.GeoSearch.OpenStreetMapProvider();\r\nprovider\r\n  .search({ query: '[field information_adresse]' })\r\n  .then(function(result) \r\n  {   \r\n    if (Array.isArray(result) && result.length > 0)\r\n    {\r\n  const map = L.map('liegenschaftenmap').setView([result[0].y, result[0].x], 15);\r\nL.tileLayer('https:\/\/{s}.tile.openstreetmap.org\/{z}\/{x}\/{y}.png', {\r\n    attribution: '&copy; <a href=\"https:\/\/www.openstreetmap.org\/copyright\">OpenStreetMap<\/a> contributors'\r\n}).addTo(map); \r\n      L.marker([result[0].y, result[0].x]).addTo(map).bindPopup(result[0].label);\r\n    }else console.log(\"[field information_adresse] nen\u00e1jden\u00e9.\");\r\n  });\r\n});\r\n<\/script>&#8220;}]}],&#8221;section_settings&#8221;:&#8221;&#8221;},&#8221;section_v4qCX&#8221;:{&#8220;component&#8221;:&#8221;hc_section&#8221;,&#8221;id&#8221;:&#8221;section_v4qCX&#8221;,&#8221;section_width&#8221;:&#8221;&#8221;,&#8221;animation&#8221;:&#8221;&#8221;,&#8221;animation_time&#8221;:&#8221;&#8221;,&#8221;timeline_animation&#8221;:&#8221;&#8221;,&#8221;timeline_delay&#8221;:&#8221;&#8221;,&#8221;timeline_order&#8221;:&#8221;&#8221;,&#8221;vertical_row&#8221;:&#8221;&#8221;,&#8221;box_middle&#8221;:&#8221;&#8221;,&#8221;css_classes&#8221;:&#8221;no-padding-bottom &#8220;,&#8221;custom_css_classes&#8221;:&#8221;&#8221;,&#8221;custom_css_styles&#8221;:&#8221;&#8221;,&#8221;section_content&#8221;:[{&#8220;component&#8221;:&#8221;hc_column&#8221;,&#8221;id&#8221;:&#8221;column_8rg0c&#8221;,&#8221;column_width&#8221;:&#8221;col-md-6&#8243;,&#8221;animation&#8221;:&#8221;&#8221;,&#8221;animation_time&#8221;:&#8221;&#8221;,&#8221;timeline_animation&#8221;:&#8221;&#8221;,&#8221;timeline_delay&#8221;:&#8221;&#8221;,&#8221;timeline_order&#8221;:&#8221;&#8221;,&#8221;css_classes&#8221;:&#8221;&#8221;,&#8221;custom_css_classes&#8221;:&#8221;&#8221;,&#8221;custom_css_styles&#8221;:&#8221;&#8221;,&#8221;main_content&#8221;:[{&#8220;component&#8221;:&#8221;hc_title_tag&#8221;,&#8221;id&#8221;:&#8221;GLd5r&#8221;,&#8221;css_classes&#8221;:&#8221;&#8221;,&#8221;custom_css_classes&#8221;:&#8221;&#8221;,&#8221;custom_css_styles&#8221;:&#8221;&#8221;,&#8221;text&#8221;:&#8221;Das Quartier&#8221;,&#8221;tag&#8221;:&#8221;h3&#8243;},{&#8220;component&#8221;:&#8221;hc_text_block&#8221;,&#8221;id&#8221;:&#8221;GYIl3&#8243;,&#8221;css_classes&#8221;:&#8221;&#8221;,&#8221;custom_css_classes&#8221;:&#8221;&#8221;,&#8221;custom_css_styles&#8221;:&#8221;&#8221;,&#8221;content&#8221;:&#8221;Die N\u00e4felserstrasse liegt am Eingang zum Gotthelfquartier. Dieses ist bekannt f\u00fcr seine ruhige und zentrale Lage, viele Gr\u00fcnfl\u00e4chen und Parks, gute Einkaufsm\u00f6glichkeiten und die N\u00e4he zur Innenstadt. Die Erschliessung mit \u00f6ffentlichen Verkehrsmitteln ist ideal: Die Tramlinie Nr. 6 f\u00fchrt direkt ins Stadtzentrum, mehrere Buslinien erschliessen auf bequeme Art und Weise viele Quartiere der Stadt.nnNamensgeber und Patron des Quartiers ist der bekannte Schweizer Schriftsteller Jeremias Gotthelf (4.10.1797 &#8211; 22.10.1854). Der ehemalige Pfarrer, mit b\u00fcrgerlichem Namen Albert Bitzius, hat in zahlreichen Romanen mit einem zum Teil erschreckenden Realismus das b\u00e4uerliche Leben im 19. Jahrhundert beschrieben. Mit wenigen starken Worten hat er einpr\u00e4gsam Menschen und Landschaften gezeichnet. Gotthelf verstand es, wie kaum ein anderer Schriftsteller seiner Zeit, mit in seinem Werk christliche und humanistische Forderungen zu verankern und zu verbreiten. Der Geist Gotthelfs ist, obwohl der Schriftsteller nie in Basel gelebt hat, im Quartier pr\u00e4sent und macht es irgendwie liebensw\u00fcrdig.&#8221;}]},{&#8220;component&#8221;:&#8221;hc_column&#8221;,&#8221;id&#8221;:&#8221;column_QRNfj&#8221;,&#8221;column_width&#8221;:&#8221;col-md-6&#8243;,&#8221;animation&#8221;:&#8221;&#8221;,&#8221;animation_time&#8221;:&#8221;&#8221;,&#8221;timeline_animation&#8221;:&#8221;&#8221;,&#8221;timeline_delay&#8221;:&#8221;&#8221;,&#8221;timeline_order&#8221;:&#8221;&#8221;,&#8221;css_classes&#8221;:&#8221;no-padding-bottom &#8220;,&#8221;custom_css_classes&#8221;:&#8221;&#8221;,&#8221;custom_css_styles&#8221;:&#8221;&#8221;,&#8221;main_content&#8221;:[{&#8220;component&#8221;:&#8221;hc_title_tag&#8221;,&#8221;id&#8221;:&#8221;gNldL&#8221;,&#8221;css_classes&#8221;:&#8221;&#8221;,&#8221;custom_css_classes&#8221;:&#8221;&#8221;,&#8221;custom_css_styles&#8221;:&#8221;&#8221;,&#8221;text&#8221;:&#8221;Unser Wohnungsangebot&#8221;,&#8221;tag&#8221;:&#8221;h3&#8243;},{&#8220;component&#8221;:&#8221;hc_text_block&#8221;,&#8221;id&#8221;:&#8221;GQYc4&#8243;,&#8221;css_classes&#8221;:&#8221;&#8221;,&#8221;custom_css_classes&#8221;:&#8221;&#8221;,&#8221;custom_css_styles&#8221;:&#8221;&#8221;,&#8221;content&#8221;:&#8221;Gef\u00e4llt Ihnen der Objektbeschrieb und k\u00f6nnen Sie sich vorstellen an der N\u00e4felserstrasse 24 zu wohnen? Dann freuen wir uns auf Ihre Bewerbung.&#8221;},{&#8220;component&#8221;:&#8221;hc_icon_links&#8221;,&#8221;id&#8221;:&#8221;5ZtkF&#8221;,&#8221;css_classes&#8221;:&#8221;&#8221;,&#8221;custom_css_classes&#8221;:&#8221;&#8221;,&#8221;custom_css_styles&#8221;:&#8221;&#8221;,&#8221;rows&#8221;:[{&#8220;component&#8221;:&#8221;repeater_item&#8221;,&#8221;id&#8221;:&#8221;jAstq&#8221;,&#8221;icon&#8221;:&#8221;im-address-book2&#8243;,&#8221;text&#8221;:&#8221;https:\/\/www.kurzimmo.ch\/download\/objects\/R_9_-_Dossier.pdf&#8221;}],&#8221;type&#8221;:&#8221;classic&#8221;,&#8221;social_colors&#8221;:false}]}],&#8221;section_settings&#8221;:&#8221;&#8221;},&#8221;section_ZtqdG&#8221;:{&#8220;component&#8221;:&#8221;hc_section&#8221;,&#8221;id&#8221;:&#8221;section_ZtqdG&#8221;,&#8221;section_width&#8221;:&#8221;&#8221;,&#8221;animation&#8221;:&#8221;&#8221;,&#8221;animation_time&#8221;:&#8221;&#8221;,&#8221;timeline_animation&#8221;:&#8221;&#8221;,&#8221;timeline_delay&#8221;:&#8221;&#8221;,&#8221;timeline_order&#8221;:&#8221;&#8221;,&#8221;vertical_row&#8221;:&#8221;&#8221;,&#8221;box_middle&#8221;:&#8221;&#8221;,&#8221;css_classes&#8221;:&#8221;&#8221;,&#8221;custom_css_classes&#8221;:&#8221;&#8221;,&#8221;custom_css_styles&#8221;:&#8221;&#8221;,&#8221;section_content&#8221;:[{&#8220;component&#8221;:&#8221;hc_column&#8221;,&#8221;id&#8221;:&#8221;column_GUDdW&#8221;,&#8221;column_width&#8221;:&#8221;col-md-12&#8243;,&#8221;animation&#8221;:&#8221;&#8221;,&#8221;animation_time&#8221;:&#8221;&#8221;,&#8221;timeline_animation&#8221;:&#8221;&#8221;,&#8221;timeline_delay&#8221;:&#8221;&#8221;,&#8221;timeline_order&#8221;:&#8221;&#8221;,&#8221;css_classes&#8221;:&#8221;&#8221;,&#8221;custom_css_classes&#8221;:&#8221;&#8221;,&#8221;custom_css_styles&#8221;:&#8221;&#8221;,&#8221;main_content&#8221;:[{&#8220;component&#8221;:&#8221;hc_column&#8221;,&#8221;id&#8221;:&#8221;column_0OjrK&#8221;,&#8221;column_width&#8221;:&#8221;col-md-12&#8243;,&#8221;animation&#8221;:&#8221;&#8221;,&#8221;animation_time&#8221;:&#8221;&#8221;,&#8221;timeline_animation&#8221;:&#8221;&#8221;,&#8221;timeline_delay&#8221;:&#8221;&#8221;,&#8221;timeline_order&#8221;:&#8221;&#8221;,&#8221;css_classes&#8221;:&#8221;&#8221;,&#8221;custom_css_classes&#8221;:&#8221;&#8221;,&#8221;custom_css_styles&#8221;:&#8221;&#8221;,&#8221;main_content&#8221;:[{&#8220;component&#8221;:&#8221;hc_text_block&#8221;,&#8221;id&#8221;:&#8221;3fMgX&#8221;,&#8221;css_classes&#8221;:&#8221;&#8221;,&#8221;custom_css_classes&#8221;:&#8221;&#8221;,&#8221;custom_css_styles&#8221;:&#8221;&#8221;,&#8221;content&#8221;:&#8221;<div class=\"wpforms-container wpforms-container-full\" id=\"wpforms-33369250\"><form id=\"wpforms-form-33369250\" class=\"wpforms-validate wpforms-form\" data-formid=\"33369250\" method=\"post\" enctype=\"multipart\/form-data\" action=\"\/en\/wp-json\/wp\/v2\/projects\/33369832\" data-token=\"d413ea6f436dd3d97ec1128fef049de6\" data-token-time=\"1777473306\"><div class=\"wpforms-head-container\"><div class=\"wpforms-title\">Stelle eine Frage<\/div><\/div><noscript class=\"wpforms-error-noscript\">Please enable JavaScript in your browser to complete this form.<\/noscript><div class=\"wpforms-field-container\"><div id=\"wpforms-33369250-field_1-container\" class=\"wpforms-field wpforms-field-email\" data-field-id=\"1\"><label class=\"wpforms-field-label\" for=\"wpforms-33369250-field_1\">Ihre Email-Adresse <span class=\"wpforms-required-label\">*<\/span><\/label><input type=\"email\" id=\"wpforms-33369250-field_1\" class=\"wpforms-field-medium wpforms-field-required\" name=\"wpforms[fields][1]\" spellcheck=\"false\" required><\/div><div id=\"wpforms-33369250-field_2-container\" class=\"wpforms-field wpforms-field-textarea\" data-field-id=\"2\"><label class=\"wpforms-field-label\" for=\"wpforms-33369250-field_2\">Ihre Fragestellung <span class=\"wpforms-required-label\">*<\/span><\/label><textarea id=\"wpforms-33369250-field_2\" class=\"wpforms-field-medium wpforms-field-required\" name=\"wpforms[fields][2]\" required><\/textarea><\/div><\/div><!-- .wpforms-field-container --><div class=\"wpforms-field wpforms-field-hp\"><label for=\"wpforms-33369250-field-hp\" class=\"wpforms-field-label\">Phone<\/label><input type=\"text\" name=\"wpforms[hp]\" id=\"wpforms-33369250-field-hp\" class=\"wpforms-field-medium\"><\/div><div class=\"wpforms-recaptcha-container wpforms-is-recaptcha wpforms-is-recaptcha-type-v3\" ><input type=\"hidden\" name=\"wpforms[recaptcha]\" value=\"\"><\/div><div class=\"wpforms-submit-container\" ><input type=\"hidden\" name=\"wpforms[id]\" value=\"33369250\"><input type=\"hidden\" name=\"page_title\" value=\"\"><input type=\"hidden\" name=\"page_url\" value=\"https:\/\/www.kurzimmo.ch\/en\/wp-json\/wp\/v2\/projects\/33369832\"><button type=\"submit\" name=\"wpforms[submit]\" id=\"wpforms-submit-33369250\" class=\"wpforms-submit\" data-alt-text=\"Senden...\" data-submit-text=\"Absenden\" aria-live=\"assertive\" value=\"wpforms-submit\">Absenden<\/button><\/div><\/form><\/div>  <!-- .wpforms-container -->&#8220;}]}]}],&#8221;section_settings&#8221;:&#8221;&#8221;},&#8221;scripts&#8221;:{&#8220;parallax&#8221;:&#8221;parallax.min.js&#8221;,&#8221;flexslider&#8221;:&#8221;flexslider\/jquery.flexslider-min.js&#8221;,&#8221;lightbox&#8221;:&#8221;jquery.magnific-popup.min.js&#8221;},&#8221;css&#8221;:{&#8220;flexslider&#8221;:&#8221;scripts\/flexslider\/flexslider.css&#8221;,&#8221;lightbox&#8221;:&#8221;scripts\/magnific-popup.css&#8221;},&#8221;css_page&#8221;:&#8221;&#8221;,&#8221;template_setting&#8221;:{&#8220;settings&#8221;:{&#8220;id&#8221;:&#8221;settings&#8221;}},&#8221;template_setting_top&#8221;:{},&#8221;page_setting&#8221;:{&#8220;settings&#8221;:[&#8220;lock-mode-off&#8221;]},&#8221;post_type_setting&#8221;:{&#8220;settings&#8221;:{&#8220;image&#8221;:&#8221;https:\/\/www.kurzimmo.ch\/wp-content\/uploads\/2019\/10\/NF-24-Aussen-hinten.jpg|280|420|33367606&#8243;,&#8221;excerpt&#8221;:&#8221;&#8220;,&#8221;extra_1&#8243;:&#8221;&#8221;,&#8221;extra_2&#8243;:&#8221;&#8221;,&#8221;icon&#8221;:{&#8220;icon&#8221;:&#8221;&#8221;,&#8221;icon_style&#8221;:&#8221;&#8221;,&#8221;icon_image&#8221;:&#8221;&#8221;}}}}<\/p>\n","protected":false},"excerpt":{"rendered":"<p>{&#8220;main-title&#8221;:{&#8220;component&#8221;:&#8221;hc_title&#8221;,&#8221;id&#8221;:&#8221;main-title&#8221;,&#8221;title&#8221;:&#8221;4055 Basel, N\u00e4felserstrasse 24&#8243;,&#8221;subtitle&#8221;:&#8221;2-Zimmer Wohnungen&#8221;,&#8221;title_content&#8221;:{&#8220;component&#8221;:&#8221;hc_title_image&#8221;,&#8221;id&#8221;:&#8221;title-image&#8221;,&#8221;image&#8221;:&#8221;https:\/\/www.kurzimmo.ch\/wp-content\/uploads\/2019\/10\/NF-24-Aussen-hinten.jpg|280|420|33367606&#8243;,&#8221;full_screen&#8221;:false,&#8221;full_screen_height&#8221;:&#8221;&#8221;,&#8221;parallax&#8221;:true,&#8221;bleed&#8221;:&#8221;&#8221;,&#8221;ken_burn&#8221;:&#8221;ken-burn-center&#8221;,&#8221;overlay&#8221;:&#8221;transparent-dark&#8221;,&#8221;breadcrumbs&#8221;:false,&#8221;white&#8221;:true,&#8221;position&#8221;:&#8221;&#8221;}},&#8221;section_9vmIE&#8221;:{&#8220;component&#8221;:&#8221;hc_section&#8221;,&#8221;id&#8221;:&#8221;section_9vmIE&#8221;,&#8221;section_width&#8221;:&#8221;&#8221;,&#8221;animation&#8221;:&#8221;fade-in&#8221;,&#8221;animation_time&#8221;:&#8221;&#8221;,&#8221;timeline_animation&#8221;:&#8221;false&#8221;,&#8221;timeline_delay&#8221;:&#8221;&#8221;,&#8221;timeline_order&#8221;:&#8221;&#8221;,&#8221;vertical_row&#8221;:&#8221;&#8221;,&#8221;box_middle&#8221;:&#8221;&#8221;,&#8221;css_classes&#8221;:&#8221;no-padding-bottom &#8220;,&#8221;custom_css_classes&#8221;:&#8221;&#8221;,&#8221;custom_css_styles&#8221;:&#8221;&#8221;,&#8221;section_content&#8221;:[{&#8220;component&#8221;:&#8221;hc_column&#8221;,&#8221;id&#8221;:&#8221;column_ufh6Z&#8221;,&#8221;column_width&#8221;:&#8221;col-md-6&#8243;,&#8221;animation&#8221;:&#8221;&#8221;,&#8221;animation_time&#8221;:&#8221;&#8221;,&#8221;timeline_animation&#8221;:&#8221;&#8221;,&#8221;timeline_delay&#8221;:&#8221;&#8221;,&#8221;timeline_order&#8221;:&#8221;&#8221;,&#8221;css_classes&#8221;:&#8221;&#8221;,&#8221;custom_css_classes&#8221;:&#8221;&#8221;,&#8221;custom_css_styles&#8221;:&#8221;&#8221;,&#8221;main_content&#8221;:[{&#8220;component&#8221;:&#8221;hc_text_block&#8221;,&#8221;id&#8221;:&#8221;mwBuN&#8221;,&#8221;css_classes&#8221;:&#8221;&#8221;,&#8221;custom_css_classes&#8221;:&#8221;&#8221;,&#8221;custom_css_styles&#8221;:&#8221;&#8221;,&#8221;content&#8221;:&#8221;Die N\u00e4felserstrasse 24 in 4055 Basel ist das, was man ein freundliches Haus nennen w\u00fcrde. Alle Wohnungen dieser Liegenschaft sind hell und ger\u00e4umig. Auf dem Balkon kann man die Nachmittags- und Abendsonne geniessen. Der gr\u00fcne Garten mit vielen B\u00e4umen vermittelt Weite und Freiheit. Eine sch\u00f6ne und gem\u00fctliche Wohnk\u00fcche kann wie [&hellip;]<\/p>\n","protected":false},"featured_media":33368603,"comment_status":"closed","ping_status":"closed","template":"","class_list":["post-33369832","projects","type-projects","status-publish","has-post-thumbnail","hentry","projects-cat-objekte"],"acf":[],"_links":{"self":[{"href":"https:\/\/www.kurzimmo.ch\/en\/wp-json\/wp\/v2\/projects\/33369832"}],"collection":[{"href":"https:\/\/www.kurzimmo.ch\/en\/wp-json\/wp\/v2\/projects"}],"about":[{"href":"https:\/\/www.kurzimmo.ch\/en\/wp-json\/wp\/v2\/types\/projects"}],"replies":[{"embeddable":true,"href":"https:\/\/www.kurzimmo.ch\/en\/wp-json\/wp\/v2\/comments?post=33369832"}],"version-history":[{"count":0,"href":"https:\/\/www.kurzimmo.ch\/en\/wp-json\/wp\/v2\/projects\/33369832\/revisions"}],"wp:featuredmedia":[{"embeddable":true,"href":"https:\/\/www.kurzimmo.ch\/en\/wp-json\/wp\/v2\/media\/33368603"}],"wp:attachment":[{"href":"https:\/\/www.kurzimmo.ch\/en\/wp-json\/wp\/v2\/media?parent=33369832"}],"curies":[{"name":"wp","href":"https:\/\/api.w.org\/{rel}","templated":true}]}}